{"id":96,"date":"2020-10-07T10:41:03","date_gmt":"2020-10-07T10:41:03","guid":{"rendered":"https:\/\/hasansaygin.com\/tr\/Hs\/?page_id=96"},"modified":"2026-04-27T17:06:01","modified_gmt":"2026-04-27T17:06:01","slug":"ozgecmis","status":"publish","type":"page","link":"https:\/\/hasansaygin.com\/tr\/ozgecmis\/","title":{"rendered":"\u00d6zge\u00e7mi\u015f"},"content":{"rendered":"<p style=\"text-align: justify;\"><span style=\"font-family: Courier;\"><span style=\"font-size: medium;\"><strong><span style=\"font-family: Courier;\"><span style=\"font-size: medium;\"><span style=\"color: #000000;\">\u00c7al\u0131\u015fma Alanlar\u0131 (Multidisciplinary &amp; Interdisciplinary Studies)<\/span><\/span><\/span><\/strong><\/span><\/span><span style=\"font-family: Courier;\"><span style=\"font-size: medium;\"><strong><span style=\"font-family: Courier;\"><span style=\"font-size: medium;\"><span style=\"color: #000000;\">:<\/span><\/span><\/span><\/strong> <span style=\"color: #ff0000;\"><strong>Applied and Computational Multi Pyhsics<\/strong><\/span><span style=\"color: #000000;\">(Neutronic, Thermodynamic, Thermal-Hydraulic, Computational Fluid Dynamics, <a style=\"color: #000000;\" href=\"https:\/\/scholar.google.com.tr\/citations?view_op=search_authors&amp;hl=tr&amp;mauthors=label:microwave_and_antenna\">Microwave and Antenna<\/a>, High Energy Physics)<\/span>, <span style=\"color: #ff0000;\"><strong>E<span style=\"color: #ff0000;\">nvironmental\u00a0Chemistr<\/span>y<\/strong><\/span> (Nanoparticles, <span style=\"color: #000000;\"><a style=\"color: #000000;\" href=\"https:\/\/scholar.google.com.tr\/citations?view_op=search_authors&amp;hl=tr&amp;mauthors=label:environmental_sciences\">Environmental <\/a><\/span><\/span><\/span><span style=\"font-family: Courier;\"><span style=\"font-size: medium;\"><span style=\"color: #000000;\"><a style=\"color: #000000;\" href=\"https:\/\/scholar.google.com.tr\/citations?view_op=search_authors&amp;hl=tr&amp;mauthors=label:environmental_sciences\">Toxicology)<\/a><\/span>, <span style=\"color: #ff0000;\"><strong>Energy Policy <\/strong><\/span>(<span style=\"color: #000000;\"><a style=\"color: #000000;\" href=\"https:\/\/scholar.google.com.tr\/citations?view_op=search_authors&amp;hl=tr&amp;mauthors=label:sustainable_development\">Sustainable Development<\/a>, <a style=\"color: #000000;\" href=\"https:\/\/scholar.google.com.tr\/citations?view_op=search_authors&amp;hl=tr&amp;mauthors=label:renewable_energy_management\">Renewable Energy Management<\/a>, <a style=\"color: #000000;\" href=\"https:\/\/scholar.google.com.tr\/citations?view_op=search_authors&amp;hl=tr&amp;mauthors=label:climate_change\">Climate Change),<strong>\u00a0<\/strong><\/a><\/span><span style=\"font-family: Courier;\"><span style=\"font-size: medium;\"><a style=\"color: #ff0000;\" href=\"https:\/\/scholar.google.com.tr\/citations?view_op=search_authors&amp;hl=tr&amp;mauthors=label:information_technology\"><span style=\"font-family: Courier;\"><span style=\"font-size: medium;\"><span style=\"color: #ff0000;\"><strong>Information<\/strong> <strong>Technology.<\/strong><\/span><\/span><\/span><\/a><\/span><\/span><\/span><\/span><\/p>\n<p style=\"text-align: justify;\"><span style=\"font-family: Courier;\"><span style=\"font-size: medium;\"><strong><span style=\"font-family: Courier;\"><span style=\"font-size: medium;\"><span style=\"color: #000000;\">\u00c7al\u0131\u015fmalar\u0131na Yap\u0131lan At\u0131f Say\u0131s\u0131 ve \u0130ndeks De\u011ferleri:<\/span><\/span><\/span> <span style=\"color: #ff0000;\">Google Scholar at\u0131f<\/span><span style=\"font-family: Courier;\"><span style=\"font-size: medium;\"><span style=\"color: #ff0000;\">:1933, h-indeks:24, i-10 indeks:60<\/span><\/span><\/span><\/strong><\/span><\/span><\/p>\n<p style=\"text-align: justify;\"><span style=\"font-family: Courier;\"><span style=\"font-size: medium;\"><span style=\"color: #000000;\"><strong><span style=\"font-family: Courier;\"><span style=\"font-size: medium;\"><span style=\"color: #000000;\">Kronoloji:<\/span><\/span><\/span><\/strong> Prof. Dr. Hasan SAYGIN aslen <strong><span style=\"color: #ff0000;\">\u201cNi\u011fde, Uluk\u0131\u015fla\u2019l\u0131\u201d<\/span><\/strong> olup, 31 Aral\u0131k 1960 tarihinde <strong><span style=\"color: #ff0000;\">\u201c\u0130stanbul\u2019da\u201d<\/span><\/strong> do\u011fdu. <strong><span style=\"color: #ff0000;\">\u201cKabata\u015f Erkek Lisesi\u2019ni\u201d<\/span><\/strong> bitirdikten sonra <strong><span style=\"color: #ff0000;\">\u201cY\u0131ld\u0131z Teknik \u00dcniversitesi\u2019nden Matematik M\u00fchendisi\u201d<\/span><\/strong> olarak ve daha sonra gitti\u011fi <strong><span style=\"color: #ff0000;\">\u201c\u0130stanbul Teknik \u00dcniversitesi, N\u00fckleer Enerji Enstit\u00fcs\u00fc\u2019nden\u201d<\/span><\/strong>, <strong><span style=\"color: #ff0000;\">\u201cN\u00fckleer Enerji Y\u00fcksek M\u00fchendisi\u201d<\/span><\/strong> olarak mezun oldu. Askerli\u011fini <strong><span style=\"color: #ff0000;\">\u201cYedek Subay\u201d<\/span><\/strong> olarak yapt\u0131ktan sonra doktora e\u011fitimi i\u00e7in <strong><span style=\"color: #ff0000;\">\u201cKanada\u2019ya\u201d<\/span><\/strong> gitti ve burada <strong><span style=\"color: #ff0000;\">\u201cUniversit\u00e9 de Montr\u00e9al, \u00c9cole Polytechnique de Montr\u00e9al, Institut de g\u00e9nie \u00e9nerg\u00e9tique\u2019ten\u201d,<\/span> <span style=\"color: #ff0000;\">\u201cDoktor\u201d<\/span><\/strong> unvan\u0131n\u0131 ald\u0131. \u201c<span style=\"color: #ff0000;\"><strong>\u0130stanbul Teknik \u00dcniversitesi\u2019ne\u201d<\/strong><\/span> d\u00f6nerek bu \u00fcniversitede s\u0131ras\u0131yla, <span style=\"color: #ff0000;\"><span style=\"color: #000000;\">1994\u2019te<\/span><strong> \u201cYard\u0131mc\u0131 Do\u00e7ent\u201d<\/strong><\/span>, 1996\u2019da <strong><span style=\"color: #ff0000;\">\u201cDo\u00e7ent\u201d<\/span><\/strong>, <span style=\"color: #ff0000;\"><span style=\"color: #000000;\">2002\u2019de<\/span><strong> \u201cProfes\u00f6r\u201d<\/strong><\/span> oldu. Prof. Dr. Hasan SAYGIN, <strong><span style=\"color: #ff0000;\">\u201c\u0130stanbul Teknik \u00dcniversitesi, N\u00fckleer Enerji Enstit\u00fcs\u00fc\u2019nde\u201d<\/span><\/strong> 1994\u20131999 y\u0131llar\u0131 aras\u0131nda <strong><span style=\"color: #ff0000;\">\u201cM\u00fcd\u00fcr Yard\u0131mc\u0131l\u0131\u011f\u0131\u201d<\/span><\/strong>, 2002-2003 y\u0131llar\u0131 aras\u0131nda ise <strong><span style=\"color: #ff0000;\">\u201cM\u00fcd\u00fcrl\u00fck\u201d<\/span><\/strong> ve <strong><span style=\"color: #ff0000;\">\u201cN\u00fckleer Bilimler Ana Bilim Dal\u0131 Ba\u015fkanl\u0131\u011f\u0131\u201d<\/span><\/strong> yapt\u0131. Yine bu y\u0131llarda \u00f6nce <span style=\"color: #ff0000;\"><strong>\u201cN\u00fckleer Enerji Enstit\u00fcs\u00fc\u2019nde\u201d<\/strong><\/span> <strong><span style=\"color: #ff0000;\">\u201cEnstit\u00fc Y\u00f6netim Kurulu \u00dcyeli\u011fi\u201d<\/span><\/strong> ve <strong><span style=\"color: #ff0000;\">\u201cEnstit\u00fc Kurulu \u00dcyeli\u011fi\u201d<\/span><\/strong> g\u00f6revlerini yapt\u0131. Daha sonra, T\u00fcrkiye\u2019nin ilk<strong><span style=\"color: #ff0000;\"> \u201cEnerji Enstit\u00fcs\u00fc\u2019n\u00fc\u201d<\/span><\/strong> 2003 y\u0131l\u0131nda <strong><span style=\"color: #ff0000;\">\u201c\u0130stanbul Teknik \u00dcniversitesi\u201d <\/span><\/strong>b\u00fcnyesinde kurdu ve 2003-2005 y\u0131llar\u0131 aras\u0131nda bu enstit\u00fcn\u00fcn <strong><span style=\"color: #ff0000;\">\u201cM\u00fcd\u00fcrl\u00fc\u011f\u00fc\u2019n\u00fc\u201d<\/span><\/strong>, <strong><span style=\"color: #ff0000;\">\u201cN\u00fckleer Ara\u015ft\u0131rmalar Ana Bilim Dal\u0131 Ba\u015fkanl\u0131\u011f\u0131\u2019n\u0131\u201d<\/span><\/strong>, <strong><span style=\"color: #ff0000;\">\u201cEnstit\u00fc Y\u00f6netim Kurulu \u00dcyeli\u011fi\u2019ni\u201d<\/span><\/strong> ve <strong><span style=\"color: #ff0000;\">\u201cEnstit\u00fc Kurulu \u00dcyeli\u011fi\u2019ni\u201d<\/span> <\/strong>yapt\u0131. <strong><span style=\"color: #ff0000;\">\u201c\u0130stanbul Teknik \u00dcniversitesi\u2019nde Bili\u015fim Enstit\u00fcs\u00fc\u2019n\u00fcn\u201d <\/span><\/strong>kurucular\u0131 aras\u0131nda oldu ve <strong><span style=\"color: #ff0000;\">\u201cBili\u015fim Ana Bilim Dal\u0131 Ba\u015fkanl\u0131\u011f\u0131\u2019n\u0131\u201d<\/span><\/strong>, <strong><span style=\"color: #ff0000;\">\u201cBili\u015fim Enstit\u00fcs\u00fc, Y\u00f6netim Kurulu \u00dcyeli\u011fi\u2019ni\u201d<\/span><\/strong> ve <strong><span style=\"color: #ff0000;\">\u201cBili\u015fim Enstit\u00fcs\u00fc, Enstit\u00fc Kurulu \u00dcyeli\u011fi\u2019ni\u201d<\/span><\/strong> yapt\u0131. Prof. Dr. Hasan SAYGIN, bunlar\u0131n yan\u0131 s\u0131ra, <strong><span style=\"color: #ff0000;\">\u201c\u0130stanbul Teknik \u00dcniversitesi\u2019nde\u201d<\/span><\/strong>, <strong><span style=\"color: #ff0000;\">\u201c\u00dcniversite Senat\u00f6rl\u00fc\u011f\u00fc\u201d<\/span><\/strong><span style=\"color: #ff0000;\">, <strong>\u201cRekt\u00f6r Dan\u0131\u015fmanl\u0131\u011f\u0131\u201d<\/strong>,<\/span> <strong><span style=\"color: #ff0000;\">\u201cSanal Ortamda E\u011fitim Merkezi M\u00fcd\u00fcrl\u00fc\u011f\u00fc\u201d<\/span><\/strong> g\u00f6revlerinde bulundu. Prof. Dr. Hasan SAYGIN, <strong><span style=\"color: #fc0808;\">\u201cT\u00fcrkiye Cumhuriyeti Ba\u015fbakanl\u0131\u011f\u0131\u2019na\u201d <\/span><\/strong>ba\u011fl\u0131 <strong><span style=\"color: #fc0808;\">\u201cT\u00fcrkiye Atom Enerjisi Kurumu\u2019nda (TAEK&#8217;te)\u201d<\/span><\/strong>, \u00a02003\u20132007 y\u0131llar\u0131 aras\u0131nda <strong><span style=\"color: #ff0000;\">\u201cAtom Enerjisi Komisyonu \u00dcyeli\u011fi\u201d<\/span><\/strong> ve <strong><span style=\"color: #ff0000;\">\u201cAtom Enerjisi Dan\u0131\u015fma Kurulu \u00dcyeli\u011fi\u201d<\/span><\/strong> g\u00f6revlerini yapt\u0131.\u00a0<\/span><\/span><\/span><\/p>\n<p style=\"text-align: justify;\"><img loading=\"lazy\" decoding=\"async\" class=\"aligncenter wp-image-100 size-full\" src=\"https:\/\/hasansaygin.com\/tr\/wp-content\/uploads\/2020\/10\/28911134645_1bdf2c0220_b.jpg\" alt=\"\" width=\"1023\" height=\"575\" srcset=\"https:\/\/hasansaygin.com\/tr\/wp-content\/uploads\/2020\/10\/28911134645_1bdf2c0220_b.jpg 1023w, https:\/\/hasansaygin.com\/tr\/wp-content\/uploads\/2020\/10\/28911134645_1bdf2c0220_b-300x169.jpg 300w, https:\/\/hasansaygin.com\/tr\/wp-content\/uploads\/2020\/10\/28911134645_1bdf2c0220_b-768x432.jpg 768w\" sizes=\"auto, (max-width: 1023px) 100vw, 1023px\" \/><\/p>\n<p style=\"text-align: justify;\"><span style=\"font-family: Courier;\"><span style=\"font-size: medium;\"><span style=\"color: #000000;\">Prof. Dr. Hasan SAYGIN, <strong><span style=\"color: #ff0000;\">\u201c\u0130stanbul Teknik \u00dcniversitesi\u2019nden\u201d<\/span><\/strong> 25 y\u0131l\u0131n\u0131 doldurarak emekli olmas\u0131n\u0131n ard\u0131ndan, 2010\u20132011 y\u0131llar\u0131nda <strong><span style=\"color: #ff0000;\">\u201c\u0130stanbul Ayd\u0131n \u00dcniversitesi, M\u00fchendislik ve Mimarl\u0131k Fak\u00fcltesi Dekanl\u0131\u011f\u0131\u2019n\u0131\u201d<\/span><\/strong> ve 2010\u20132011 y\u0131llar\u0131nda, <strong><span style=\"color: #ff0000;\">\u201c\u0130stanbul Ayd\u0131n \u00dcniversitesi, Rekt\u00f6r Yard\u0131mc\u0131l\u0131\u011f\u0131\u2019n\u0131\u201d<\/span><\/strong> yapt\u0131. Daha sonra 2011 y\u0131l\u0131nda k\u0131sa bir d\u00f6nem <span style=\"color: #ff0000;\"><strong>\u201c\u0130stanbul Ayd\u0131n \u00dcniversitesi Vekil Rekt\u00f6r\u2019\u00fc\u201d<\/strong><\/span> olarak g\u00f6rev yapt\u0131. 2011 &#8211; 2024 y\u0131llar\u0131 aras\u0131nda <span style=\"color: #ff0000;\"><strong>\u201c\u0130stanbul Ayd\u0131n \u00dcniversitesi M\u00fctevelli Heyet Ba\u015fkan Dan\u0131<span style=\"color: #ff0000;\">\u015fman\u0131\u201d<\/span><\/strong>, <strong>\u201c\u0130stanbul Ayd\u0131n \u00dcniversitesi \u0130cra Kurulu Ba\u015fkan Yard\u0131mc\u0131s\u0131\u201d<\/strong>, <strong>\u201c\u0130stanbul Ayd\u0131n \u00dcniversitesi \u0130cra Kurulu Ba\u015fkan\u0131\u201d<\/strong>,<\/span> ve 2016-2017 y\u0131llar\u0131 aras\u0131nda ise <strong><span style=\"color: #ff0000;\">\u201c\u0130stanbul Ayd\u0131n \u00dcniversitesi Vekil M\u00fctevelli Heyet Ba\u015fkan Vekili\u201d<\/span><\/strong> g\u00f6revlerini yapm\u0131\u015ft\u0131r. De\u011fi\u015fik tarihlerde k\u0131sa d\u00f6nemli olarak vek\u00e2leten <span style=\"color: #ff0000;\">\u201c<strong>\u0130stanbul Ayd\u0131n \u00dcniversitesi M\u00fctevelli Heyet Ba\u015fkan\u0131\u201d<\/strong><\/span> olarak g\u00f6rev yapm\u0131\u015f olan Prof. Dr. Hasan SAYGIN halen <strong><span style=\"color: #ff0000;\">\u201c\u0130stanbul Ayd\u0131n \u00dcniversitesi M\u00fctevelli Heyet Ba\u015fkanl\u0131\u011f\u0131 Kurumsal Dan\u0131\u015fman\u0131\u201d<\/span><\/strong>\u00a0olarak g\u00f6rev yapmakta olup, bunun yan\u0131 s\u0131ra \u201cM\u00fcltidisipliner ve \u0130nterdisipliner \u00c7al\u0131\u015fmalar\u201d yaparak akademik ya\u015fant\u0131s\u0131n\u0131 s\u00fcrd\u00fcrmektedir. <\/span><\/span><\/span><\/p>\n<p style=\"text-align: justify;\"><span style=\"font-family: Courier;\"><span style=\"font-size: medium;\"><span style=\"color: #000000;\">2010 y\u0131l\u0131nda, i\u00e7inde <strong><span style=\"color: #ff0000;\">\u201cMekanik At\u00f6lyesi ve Labarotuvar\u0131, Otomotiv Labarotuvar\u0131, Mekatronik Labarotuvarlar\u0131, Genel Kimya Labarotuvar\u0131, G\u0131da M\u00fchendisli\u011fi Labarotuvar\u0131, Genetik ve Real Time-PCR Labarotuvar\u0131, Merkezi Numune Haz\u0131rlama Labarotatuvar\u0131, Fizik ve Mod\u00fcler Elektronik Labarotuvar\u0131, Tekstil Mikroskopi Labarotuvar\u0131n\u0131n\u201d<\/span><\/strong> bulundu\u011fu <strong><span style=\"color: #ff0000;\">\u201c\u0130stanbul Ayd\u0131n \u00dcniversitesi Teknoloji Merkezi\u2019ni, (Istanbul Aydin University, Techno-Center)\u201d<\/span><\/strong> planlad\u0131 ve kurdu.<\/span><\/span><\/span><\/p>\n<p align=\"justify\"><span style=\"font-family: Courier;\"><span style=\"font-size: medium;\"><span style=\"color: #000000;\">Daha sonra, 2012 y\u0131l\u0131nda, i\u00e7inde <strong><span style=\"color: #ff0000;\">\u201cMikrobiyoloji Laboratuvar\u0131\u201d<\/span><\/strong><span style=\"color: #ff0000;\">, <strong>\u201cBiyokimya Laboratuvar\u0131\u201d<\/strong>, <strong>\u201cDi\u015f Protez Laboratuvar\u0131\u201d<\/strong> <strong>\u201cOptisyenlik Laboratuvar\u0131\u201d<\/strong>, <strong>\u201cAnastezi Labrotuvar\u0131\u201d<\/strong>, <\/span><strong><span style=\"color: #ff0000;\">\u201cFizyoterapi Labrotuvar\u0131\u201d<\/span><\/strong> ve <strong><span style=\"color: #ff0000;\">\u201cAnatomi Labrotuvar\u0131n\u0131n\u201d <\/span><\/strong>bulundu\u011fu <strong><span style=\"color: #ff0000;\">\u201c\u0130stanbul Ayd\u0131n \u00dcniversitesi, T\u0131bbi Bilimler Laboratuvarlar\u0131\u2019n\u0131 (Istanbul Aydin University, Medical Sciences Laboratories)\u201d<\/span><\/strong> planlad\u0131 ve kurdu. Daha sonra 2014 y\u0131l\u0131nda <strong><span style=\"color: #ff0000;\">\u201c\u0130stanbul Ayd\u0131n \u00dcniversitesi, T\u0131bbi Bilimler Laboratuvarlar\u0131\u2019na\u201d<\/span><\/strong><span style=\"color: #ff0000;\">, <strong>\u201cOdyoloji\/Odyometri Laboratuvar\u0131 (Sessiz oda Yeti\u015fkin, Sessiz oda Pediatrik, Otoplasti odas\u0131, E\u011fitim laboratuvar\u0131)\u201d<\/strong>, <strong>\u201cDiyaliz Laboratuvar\u0131\u201d<\/strong>, <strong>\u201cFantom Laboratuvar\u0131\u201d<\/strong>, <strong>\u201cOptisyenlik Laboratuvar\u0131 (E\u011fitim laboratuvar\u0131, G\u00f6z muayene odas\u0131, Ma\u011faza)\u201d<\/strong>, <strong>\u201cDi\u015f Protez Teknolojileri Laboratuvar\u0131 (E\u011fitim laboratuvar\u0131, D\u00f6k\u00fcm odas\u0131, Porselen odas\u0131, Al\u00e7\u0131 odas\u0131)\u201d<\/strong>, <strong>\u201cAnatomi Laboratuvar\u0131\u201d<\/strong>, <strong>\u201cAmeliyathane Hizmetleri Laboratuvar\u0131\u201d<\/strong>, <strong><span style=\"color: #ff0000;\">\u201cPerf\u00fczyon Teknikleri Labo<\/span>ratuvar\u0131\u201d<\/strong>, <strong>\u201cT\u0131bbi G\u00f6r\u00fcnt\u00fcleme Laboratuvar\u0131\u201d<\/strong>, <strong>\u201cRadyoterapi Laboratuvar\u0131\u201d<\/strong>,<\/span> <strong><span style=\"color: #ff0000;\">\u201cFizyoterapi Laboratuvar\u0131 (Egzersiz salonu 1, Doktor odas\u0131, Fizyoterapi odas\u0131, 10 adet tedavi box, Egzersiz salonu 2, Acil m\u00fcdahale odas\u0131, Islak oda)\u201d<\/span><\/strong><span style=\"color: #ff0000;\">, <\/span><strong><span style=\"color: #ff0000;\">\u201cEngelli Bak\u0131m ve Rehabilitasyon Laboratuvar\u0131 (E\u011fitim Laboratuvar\u0131, Engelli banyo ve tuvaleti, Engelli mutfa\u011f\u0131, Engelli yatak odas\u0131)\u201d<\/span><\/strong><span style=\"color: #ff0000;\">, <strong>\u201cElektron\u00f6rofizyoloji Laboratuvar\u0131\u201d<\/strong>, <strong>\u201c\u0130lk ve Acil Yard\u0131m Laboratuvar\u0131 (E\u011fitim Laboratuvar\u0131 1, E\u011fitim Laboratuvar\u0131 2)\u201d<\/strong>, <strong>\u201cPatoloji laboratuvar\u0131 (Patoloji laboratuvar\u0131, Dr. Mikroskobi odas\u0131, Makroskobi odas\u0131, Ar\u015fiv)\u201d<\/strong>, <strong>\u201cAnestezi Laboratuvar\u0131 (E\u011fitim Laboratuvar\u0131 1, E\u011fitim Laboratuvar\u0131 2)\u201d<\/strong>, <strong><span style=\"color: #ff0000;\">\u201cMikro<\/span>biyoloji Laboratuvar\u0131 (\u00d6\u011frenci Laboratuvar\u0131, Mikrobiyoloji Laboratuvar\u0131, Molek\u00fcler Biyoloji laboratuvar\u0131, Viroloji Laboratuvar\u0131, IFA laboratuvar\u0131)\u201d<\/strong>, <strong>\u201cBiyokimya Laboratuvar\u0131 (Manuel Uygulama Laboratuvar\u0131, Biyokimya Otomasyon Laboratuvar\u0131)\u201d<\/strong>, <strong>\u201cOrtez-Protez Laboratuvar\u0131\u201d<\/strong>, <strong>\u201cHem\u015firelik Laboratuvar\u0131\u201d<\/strong>, <\/span><strong><span style=\"color: #ff0000;\">\u201cBeslenme ve Diyetetik Laboratuvar\u0131\u201d<\/span><\/strong> \u015feklinde eklemeler ve d\u00fczenlemeler yaparak geni\u015fletti. Yine, <strong><span style=\"color: #ff0000;\">\u201c\u0130stanbul Ayd\u0131n \u00dcniversitesi\u2019nde\u201d<\/span><\/strong>, 2009 y\u0131l\u0131nda <strong><span style=\"color: #ff0000;\">\u201cEnerji Politikalar\u0131 ve Piyasalar\u0131 Uygulama ve Ara\u015ft\u0131rma Merkezi\u2019ni (EPPAM)<\/span><\/strong>\u201d kurdu.<\/span><\/span><\/span><!--more--><!--more--><!--more--><\/p>\n<p align=\"justify\"><span style=\"font-family: Courier;\"><span style=\"font-size: medium;\"><span style=\"color: #000000;\">Prof. Dr. Hasan SAYGIN, 2014 y\u0131l\u0131nda <strong><span style=\"color: #ff0000;\">\u201c\u0130stanbul Ayd\u0131n \u00dcniversitesi\u2019nde\u201d<\/span> <span style=\"color: #ff0000;\">\u201c\u0130leri Ara\u015ft\u0131rmalar Uygulama ve Ara\u015ft\u0131rma Merkezi\u2019ni (\u0130AUYGAR)\u201d<\/span><\/strong> kurdu.\u00a0 Halen m\u00fcd\u00fcrl\u00fc\u011f\u00fcn\u00fc yapt\u0131\u011f\u0131 bu merkezi, <strong><span style=\"color: #ff0000;\">\u201cAvrupa N\u00fckleer Ara\u015ft\u0131rmalar Merkezi, Conseil Europ\u00e9en pour la Recherche Nucl\u00e9aire (CERN)\u201d<\/span><\/strong> ile irtibatland\u0131rarak <strong><span style=\"color: #ff0000;\">\u201cB\u00fcy\u00fck Hadron \u00c7arp\u0131\u015ft\u0131r\u0131c\u0131s\u0131, Large Hadron Collider (LHC)\u201d<\/span><\/strong> detekt\u00f6rlerinden biri olan <strong><span style=\"color: #ff0000;\">\u201cA Toroidal LHC ApparatuS, ATLAS\u201d<\/span><\/strong> deneyine \u00fcye olmas\u0131n\u0131 sa\u011flad\u0131. Prof. Dr. Hasan SAYGIN daha sonra, T\u00fcrkiye\u2019de ilk kez, <strong><span style=\"color: #ff0000;\">\u201cAvrupa N\u00fckleer Ara\u015ft\u0131rmalar Merkezi, Conseil Europ\u00e9en pour la Recherche Nucl\u00e9aire (CERN)deki\u201d<\/span><\/strong>\u00a0bir grup bilim insan\u0131 taraf\u0131ndan \u201c<strong><span style=\"color: #ff0000;\">B\u00fcy\u00fck Hadron \u00c7arp\u0131\u015ft\u0131r\u0131c\u0131s\u0131\u2019n\u0131n (LHC)\u201d<\/span><\/strong> enerjisinin yakla\u015f\u0131k 10 kat\u0131 enerjiye sahip yeni bir \u00e7arp\u0131\u015ft\u0131r\u0131c\u0131 \u00f6nerisi olarak sunulan <strong><span style=\"color: #ff0000;\">\u201cGelecek Dairesel \u00c7arp\u0131\u015ft\u0131r\u0131c\u0131\u2019s\u0131, Future Circular Collider (FCC)\u201d<\/span><\/strong> i\u00e7in fizik ve tasar\u0131m \u00e7al\u0131\u015fmalar\u0131na <strong><span style=\"color: #ff0000;\">\u201c\u0130stanbul Ayd\u0131n \u00dcniversitesi \u0130leri Ara\u015ft\u0131rmalar Uygulama ve Ara\u015ft\u0131rma Merkezi (\u0130AUYGAR)\u201d<\/span><\/strong> ekibinin katk\u0131s\u0131n\u0131 verece\u011fi protokol\u00fc kurucu grupla <strong><span style=\"color: #ff0000;\">10 Kas\u0131m 2014<\/span> <\/strong>tarihinde imzalad\u0131. Daha sonra ise, <strong><span style=\"color: #ff0000;\">Avrupa N\u00fckleer Ara\u015ft\u0131rma Merkezi (CERN)<\/span><\/strong> ve <span style=\"color: #ff0000;\"><strong>\u0130stanbul Ayd\u0131n \u00dcniversitesi<\/strong><\/span> aras\u0131nda <strong><span style=\"color: #ff0000;\">Gelecek Dairesel \u00c7arp\u0131\u015ft\u0131r\u0131c\u0131s\u0131 (The Future Circular Collider, FCC) Kollaborasyonu<\/span> <\/strong>\u00e7er\u00e7evesinde mevcut olan uluslararas\u0131 bilimsel i\u015f birli\u011fi anla\u015fmas\u0131, <span style=\"color: #ff0000;\"><strong>\u0130stanbul Ayd\u0131n \u00dcniversitesi \u0130leri Ara\u015ft\u0131rmalar ve Uygulama Merkezi (Application and Research Center for Advanced Studies,\u00a0ARCAS) M\u00fcd\u00fcr\u00fc Prof. Dr. Hasan SAYGIN<\/strong> <\/span>ve <strong><span style=\"color: #ff0000;\">FCC \u00c7al\u0131\u015fma Grubu Ba\u015fkan\u0131 Michael Benedikt<\/span><\/strong> taraf\u0131ndan <strong><span style=\"color: #ff0000;\">18 Mart 2022<\/span><\/strong> tarihinde imzalanarak yenilendi. Ayr\u0131ca <strong><span style=\"color: #ff0000;\">\u201c\u0130stanbul Ayd\u0131n \u00dcniversitesi\u2019nde\u201d<\/span><\/strong>, <strong><span style=\"color: #ff0000;\">\u201cSiyaset Akademisi\u201d<\/span><\/strong> ad\u0131 alt\u0131nda sertifika programlar\u0131n\u0131 2010 y\u0131l\u0131nda ba\u015flatt\u0131. Yine bu \u00e7er\u00e7evede, <strong><span style=\"color: #ff0000;\">\u201cBirle\u015fmi\u015f Kentler Okulu, Kentin \u015eifreleri\u201d<\/span><\/strong><span style=\"color: #ff0000;\">, <strong>\u201cRisk ve Giri\u015fimcilik Okulu, Ba\u015far\u0131n\u0131n Kodlar\u201d, \u201cSiyaset Akademisi-Ankara\u201d, \u201cSiyaset Akademisi Avrupa, Paris&amp;Br\u00fcksel\u201d <\/strong>ve <strong>\u201cSiyaset Akademisi-\u0130zmir\u201d<\/strong>, <strong>\u201cSiyaset Akademisi Avrupa 2,-Londra\u201d<\/strong>, <strong>\u201cSiyaset Akademisi-KKTC, Lefko\u015fa\u201d<\/strong>, <strong>\u201cSiyaset Akademisi-Ortado\u011fu\/Kud\u00fcs\u201d<\/strong>, <\/span><strong><span style=\"color: #ff0000;\">\u201cSiyaset Akademisi Avrupa\/Balkanlar\u201d<\/span><\/strong> adlar\u0131 alt\u0131nda sertifika programlar\u0131n\u0131 2012 y\u0131l\u0131nda, <span style=\"color: #ff0000;\"><strong>\u201cYerel Y\u00f6netimler At\u00f6lyesi: Strateji, Y\u00f6ntem ve Kampanyalar\u201d<\/strong><\/span> adl\u0131 alt\u0131nda sertifika program\u0131n\u0131 2013 y\u0131l\u0131nda ba\u015flatm\u0131\u015ft\u0131r ve uzun y\u0131llar genel koordinat\u00f6rl\u00fc\u011f\u00fcn\u00fc yapm\u0131\u015ft\u0131r.<\/span><\/span><\/span><\/p>\n<p align=\"justify\"><span style=\"font-family: Courier;\"><span style=\"font-size: medium;\"><span style=\"color: #000000;\"><span style=\"color: #000000;\">Bunlar\u0131n d\u0131\u015f\u0131nda, Prof. Dr. Hasan SAYGIN, 2005 y\u0131l\u0131nda kurulan <\/span><strong style=\"color: #000000;\"><span style=\"color: #ff0000;\">\u201cElektrik Enerjisi Kalite Enstit\u00fcs\u00fc (ELENKE\u2019nin)\u201d<\/span><\/strong><span style=\"color: #000000;\"> kurucular\u0131ndand\u0131r ve 2005\u20132009 ve 2011-2013 y\u0131llar\u0131 aras\u0131nda <\/span><strong style=\"color: #000000;\"><span style=\"color: #ff0000;\">\u201cELENKE\u2019nin Ba\u015fkanl\u0131\u011f\u0131\u2019n\u0131\u201d<\/span><\/strong><span style=\"color: #000000;\"> yapm\u0131\u015f olup, ayr\u0131ca 2009\u20132011 y\u0131llar\u0131 aras\u0131nda ise <\/span><strong style=\"color: #000000;\"><span style=\"color: #ff0000;\">\u201cELENKE\u2019nin Y\u00fcksek Dan\u0131\u015fma Kurulu\u201d<\/span><\/strong><span style=\"color: #000000;\"> \u00fcyeli\u011fini yapm\u0131\u015ft\u0131r. Ayr\u0131ca, 2009 y\u0131l\u0131nda kurulan <\/span><strong style=\"color: #000000;\"><span style=\"color: #ff0000;\">\u201cMimari Restorasyon Koruma Derne\u011fi\u2019nin\u201d<\/span><\/strong><span style=\"color: #000000;\"> kurucular\u0131ndan olup, 2009\u20132011 y\u0131llar\u0131 aras\u0131nda <\/span><strong style=\"color: #000000;\"><span style=\"color: #ff0000;\">\u201cBa\u015fkanl\u0131\u011f\u0131\u2019n\u0131\u201d<\/span><\/strong><span style=\"color: #000000;\"> s\u00fcrd\u00fcrm\u00fc\u015f olup, halen derne\u011fin <\/span><strong style=\"color: #000000;\"><span style=\"color: #ff0000;\">\u201cOnursal Ba\u015fkan\u2019\u0131d\u0131r\u201d<\/span><\/strong><span style=\"color: #000000;\">. Prof. Dr. Hasan SAYGIN&#8217;\u0131n \u00e7o\u011funlu\u011fu uluslararas\u0131 hakemli dergilerde yay\u0131nlanm\u0131\u015f ve uluslararas\u0131 hakemli konferanslarda sunulmu\u015f olmak \u00fczere <\/span><strong style=\"color: #000000;\"><span style=\"color: #ff0000;\">500&#8217;\u00fcn \u00fczerinde yay\u0131n faaliyeti vard\u0131r<\/span><\/strong><span style=\"color: #000000;\"> ve bunlara, \u00e7o\u011fu uluslararas\u0131 olmak \u00fczere <\/span><strong style=\"color: #000000;\"><span style=\"font-family: Courier;\"><span style=\"font-size: medium;\"><span style=\"color: #ff0000;\">1933 kez Google Scholar at\u0131f alm\u0131\u015ft\u0131r. h-indeksi 24, i-10 indeksi ise 60\u2019d\u0131r<\/span><\/span><\/span>. <span style=\"color: #ff0000;\">\u201cInternational Journal of Social Inquiry (IJSI), ISSN: 1307\u20138364\u201d<\/span><\/strong><span style=\"color: #000000;\">, adl\u0131 uluslararas\u0131 derginin<\/span><strong style=\"color: #000000;\"><span style=\"color: #ff0000;\">\u201cEditorial Board\u201d<\/span><\/strong><span style=\"color: #000000;\">undad\u0131r. Ayr\u0131ca,<\/span><strong style=\"color: #000000;\"> <span style=\"color: #ff0000;\">\u201cInternational Journal of Electronics, Mechanical and Mechatronics Engineering (IJEMME), ISSN: 2146\u20130604\u201d<\/span><\/strong><span style=\"color: #000000;\">, adl\u0131 uluslararas\u0131 dergiyi 2011 y\u0131l\u0131nda \u00e7\u0131kard\u0131 ve <\/span><strong style=\"color: #000000;\">\u00a0<span style=\"color: #ff0000;\">\u201cHonarary Editor\u201d<\/span><\/strong><span style=\"color: #000000;\"><span style=\"color: #000000;\">l\u00fc\u011f\u00fcn\u00fc yapt\u0131. Bunlar\u0131n yan\u0131 s\u0131ra, <\/span><strong><span style=\"color: #ff0000;\">\u201c<\/span><span style=\"color: #ff0000;\">Green and Sustainable Chemistry\u201d,<\/span><\/strong> <strong style=\"color: #000000;\"><span style=\"color: #ff0000;\">\u201c<\/span><span style=\"color: #ff0000;\">Biology and Life Sciences Forum\u201d, \u201c<\/span><span style=\"color: #ff0000;\">Aquatic Toxicology\u201d, \u201c<\/span><span style=\"color: #ff0000;\">Processes\u201d, \u201c<\/span><span style=\"color: #ff0000;\">Green and Low-Carbon Economy(GLCE)\u201d, \u201c<\/span><span style=\"color: #ff0000;\">Next Research\u201d, \u201c<\/span><span style=\"color: #ff0000;\">Scientific Reports\u201d,<\/span> <span style=\"color: #ff0000;\">\u201cThalassas: An International Journal of Marine Sciences\u201d, \u201cWater Resources and Industry\u201d, \u201cJournal of Hazardous Materials Advances\u201d, \u201cToxicology Mechanisms and Methods\u201d,\u00a0\u201cMaterials\u201d, <\/span><\/strong><\/span><strong style=\"color: #000000;\"><span style=\"color: #ff0000;\">\u201cDiscover Oceans\/Spring Nature\u201d, \u201cEnvironmental Geochemistry and Healt\/Spring Nature\u201d,<\/span> <span style=\"color: #ff0000;\">\u201cProcesses\u201d,<\/span> <span style=\"color: #ff0000;\">\u201cChinese Journal of Population, Resources and Environment\u201d<\/span><span style=\"color: #ff0000;\">,<\/span> <span style=\"color: #ff0000;\">\u201cPolym<span style=\"color: #ff0000;\">ers<\/span>\u201d, <span style=\"color: #ff0000;\">\u201cBuil<\/span>ding\u201d, <\/span><span style=\"color: #ff0000;\">\u201cData in Brief\u201d,<\/span> <span style=\"color: #ff0000;\">\u201cMarine Pollution Bulletin\u201d, \u201cJournal of Educational Research\u201d, \u201cLogistics\u201d, \u201cWater\u201d, <\/span><span style=\"color: #ff0000;\">\u201cOptical Materials\u201d, \u201cFrontiers in Environmental Science\u201d, \u201cEnvironmental Science and Engineering, A section of International Journal of Environmental Research and Public Health\u201d,<\/span>\u00a0\u00a0<\/strong><span style=\"color: #ff0000;\"><strong>\u201cSustainability\u201d, \u201cScience of the Total Environment\u201d, \u201dEngineering Applications of Computational Fluid Mechanics\u201d, \u201cMicrowave and Optical Technology Letters\u201d, \u201cSolar Energy\u201d, \u201cInternational Journal of Antennas and Propagation\u201d, \u201cInternational Journal of Finans&amp;Economics\u201d, \u201cApplied Mathematics and Computation\u201d, \u201cJournal of the Energy Institute\u201d, \u201cAnnals of Nuclear Energy\u201d, \u201cJournal of Applied Physics\u201d, \u201cApplied Thermal Engineering\u201d, \u201cPhysica Scripta\u201d, \u201cInternational Journal of Thermal Sciences\u201d, \u201cInternational Journal of Social Inquiry (IJSI)\u201d, \u201cInternational Journal of Electronics, Mechanical and Mechatronics Engineering\u201d<\/strong> <\/span><span style=\"color: #000000;\">gibi uluslararas\u0131 dergilerle,<\/span><strong style=\"color: #000000;\"> <span style=\"color: #ff0000;\">\u201cAvrasya \u0130ncelemeleri Dergisi, T\u00fcrkiyat Ara\u015ft\u0131rmalar\u0131 Enstit\u00fcs\u00fc\u201d, \u201c\u00c7ukurova \u00dcniversitesi, M\u00fchendislik-Mimarl\u0131k Fak\u00fcltesi Dergisi, \u00c7ukurova University, Journal of Faculty of Engineering and Architecture\u201d, \u201cGazi Akademik Bak\u0131\u015f Dergisi\u201d, \u201cUluda\u011f \u00dcniversitesi \u0130\u0130BF Dergisi\u201d, \u201cG\u00fcvenlik Stratejileri Dergisi\u201d, \u201cStratejik Ara\u015ft\u0131rmalar Dergisi\u201d ve \u201cSigma, M\u00fchendislik ve Fen Bilimleri Dergisi\u201d <\/span><\/strong><span style=\"color: #000000;\">gibi ulusal dergilerde ve <\/span><strong style=\"color: #000000;\"><span style=\"color: #ff0000;\">\u201cT\u00fcrkiye Bilimsel ve Teknolojik Ara\u015ft\u0131rma Kurumu (T\u00dcB\u0130TAK), Temel Bilimler Ara\u015ft\u0131rma Grubu\u2019nda\u201d <\/span><\/strong><span style=\"color: #000000;\">Hakemlik yapmakta olup, bunlar\u0131n yan\u0131 s\u0131ra <\/span><strong style=\"color: #000000;\"><span style=\"color: #ff0000;\">\u201c\u0130stanbul Ayd\u0131n \u00dcniversitesi Business Review\u201d dergisinin \u201cYay\u0131n Kurulu\u2019ndad\u0131r\u201d<\/span> <\/strong><span style=\"color: #000000;\">ve <\/span><strong style=\"color: #000000;\"><span style=\"color: #ff0000;\">\u201cEnerji Dergisi\u201d<\/span> <\/strong><span style=\"color: #000000;\">dergisinin<\/span><strong style=\"color: #000000;\"> <span style=\"color: #ff0000;\">\u201cAkademik Dan\u0131\u015fma Kurulu\u2019ndad\u0131r\u201d<\/span>. <\/strong><span style=\"color: #000000;\">Ayr\u0131ca <\/span><strong style=\"color: #000000;\"><span style=\"color: #ff0000;\">\u201cK\u00fc\u00e7\u00fck ve Orta \u00d6l\u00e7ekli \u0130\u015fletmeleri Geli\u015ftirme ve Destekleme \u0130daresi (KOSGEB) Ara\u015ft\u0131rma-Geli\u015ftirme, \u0130novasyon ve End\u00fcstriyel Uygulama Destek Program\u0131\u201d<\/span> <\/strong><span style=\"color: #000000;\">Kurul \u00dcyesi ve<\/span><strong style=\"color: #000000;\"> <span style=\"color: #ff0000;\">\u201cKOSGEB Ayd\u0131n \u00dcniversitesi TEKMER De\u011ferlendirme ve Karar Kurulu\u201d <\/span><\/strong><span style=\"color: #000000;\">Kurul \u00dcyesi olup, bunlar\u0131n yan\u0131 s\u0131ra <\/span><strong style=\"color: #000000;\"><span style=\"color: #ff0000;\">\u201cCanadian Nuclear Society (CNS)\u201d<\/span> <\/strong><span style=\"color: #000000;\">ve<\/span><strong style=\"color: #000000;\"> <span style=\"color: #ff0000;\">\u201cWorld Association of Soil and Water Conservation (WASWC)\u201d <\/span><\/strong><span style=\"color: #000000;\">\u00fcyesidir.<\/span><\/span><\/span><\/span><\/p>\n<p style=\"text-align: justify;\"><span style=\"font-family: Courier;\"><span style=\"font-size: medium;\"><span style=\"color: #000000;\">Prof. Dr. Hasan SAYGIN evli ve iki \u00e7ocuk babas\u0131d\u0131r.<\/span><\/span><\/span><\/p>\n","protected":false},"excerpt":{"rendered":"<p>\u00c7al\u0131\u015fma Alanlar\u0131 (Multidisciplinary &amp; Interdisciplinary Studies): Applied and Computational Multi Pyhsics(Neutronic, Thermodynamic, Thermal-Hydraulic, Computational Fluid Dynamics, Microwave and Antenna, High Energy Physics), Environmental\u00a0Chemistry (Nanoparticles, Environmental Toxicology), Energy Policy (Sustainable Development, Renewable Energy Management, Climate Change),\u00a0Information Technology. \u00c7al\u0131\u015fmalar\u0131na Yap\u0131lan At\u0131f Say\u0131s\u0131 ve \u0130ndeks De\u011ferleri: Google Scholar at\u0131f:1933, h-indeks:24, i-10 indeks:60 Kronoloji: Prof. Dr. Hasan SAYGIN aslen &hellip; <\/p>\n<p class=\"link-more\"><a href=\"https:\/\/hasansaygin.com\/tr\/ozgecmis\/\" class=\"more-link\">Continue reading<span class=\"screen-reader-text\"> &#8220;\u00d6zge\u00e7mi\u015f&#8221;<\/span><\/a><\/p>\n","protected":false},"author":1,"featured_media":0,"parent":0,"menu_order":0,"comment_status":"closed","ping_status":"closed","template":"","meta":{"footnotes":""},"class_list":["post-96","page","type-page","status-publish","hentry","entry"],"_links":{"self":[{"href":"https:\/\/hasansaygin.com\/tr\/wp-json\/wp\/v2\/pages\/96","targetHints":{"allow":["GET"]}}],"collection":[{"href":"https:\/\/hasansaygin.com\/tr\/wp-json\/wp\/v2\/pages"}],"about":[{"href":"https:\/\/hasansaygin.com\/tr\/wp-json\/wp\/v2\/types\/page"}],"author":[{"embeddable":true,"href":"https:\/\/hasansaygin.com\/tr\/wp-json\/wp\/v2\/users\/1"}],"replies":[{"embeddable":true,"href":"https:\/\/hasansaygin.com\/tr\/wp-json\/wp\/v2\/comments?post=96"}],"version-history":[{"count":365,"href":"https:\/\/hasansaygin.com\/tr\/wp-json\/wp\/v2\/pages\/96\/revisions"}],"predecessor-version":[{"id":1419,"href":"https:\/\/hasansaygin.com\/tr\/wp-json\/wp\/v2\/pages\/96\/revisions\/1419"}],"wp:attachment":[{"href":"https:\/\/hasansaygin.com\/tr\/wp-json\/wp\/v2\/media?parent=96"}],"curies":[{"name":"wp","href":"https:\/\/api.w.org\/{rel}","templated":true}]}}